{"id":206,"date":"2023-02-16T22:15:47","date_gmt":"2023-02-16T21:15:47","guid":{"rendered":"https:\/\/www.goldener-anker-freiburg.de\/gasthaus\/?page_id=206"},"modified":"2026-03-07T12:16:30","modified_gmt":"2026-03-07T11:16:30","slug":"das-gasthaus","status":"publish","type":"page","link":"https:\/\/www.goldener-anker-freiburg.de\/gasthaus\/das-gasthaus\/","title":{"rendered":"DAS GASTHAUS"},"content":{"rendered":"\n<div class=\"et_pb_section_0 et_pb_section et_pb_fullwidth_section et_section_regular et_block_section\"><section class=\"et_pb_fullwidth_header_0 et_pb_fullwidth_header et_pb_fullscreen et_pb_bg_layout_dark et_pb_text_align_left et_pb_section_parallax et_pb_module et_flex_module\"><span class=\"et-pb-parallax-wrapper\"><span class=\"et-pb-parallax-background et-pb-parallax-background-module--divi-fullwidth-header-0\" style=\"background-image:url(https:\/\/www.goldener-anker-freiburg.de\/gasthaus\/wp-content\/uploads\/2024\/01\/Firefly-gasthaus-in-Freiburg-im-Breisgau-52873.jpg)\"><\/span><\/span><div class=\"et_pb_fullwidth_header_container left\"><div class=\"header-content-container center\"><div class=\"header-content et_flex_module\"><h1 class=\"et_pb_module_header\">Badische Gem\u00fctlichkeit<\/h1><div class=\"et_pb_header_button_wrapper\"><\/div><\/div><\/div><\/div><div class=\"et_pb_fullwidth_header_overlay\"><\/div><div class=\"et_pb_fullwidth_header_scroll\"><a class=\"scroll-down-container\" href=\"#\"><span class=\"scroll-down et-pb-icon\">;<\/span><\/a><\/div><\/section><\/div><div class=\"et_pb_section_1 et_pb_section et_section_regular et_block_section\"><div class=\"et_pb_row_0 et_pb_row et_block_row\"><div class=\"et_pb_column_0 et_pb_column et_pb_column_1_2 et_block_column et_pb_css_mix_blend_mode_passthrough\"><div class=\"et_pb_text_0 et_pb_text et_pb_bg_layout_light et_pb_module et_block_module preset--module--divi-text--3a5fa9a7-7987-4564-89a5-37b87a5b6ad8\"><div class=\"et_pb_text_inner\"><p><strong>Gro\u00dfe, alte Stadth\u00e4user und Villen, ruhige Seitenstra\u00dfen und viele kleine L\u00e4den \u2013 das sind die Markenzeichen der Wiehre, dem altehrw\u00fcrdigen Stadtteil im Freiburger S\u00fcdosten. Und genau hier geh\u00f6rt sie auch hin, die urige Eckkneipe: das \u201eGasthaus Goldener Anker\u201c. Dieses Lokal ist nicht nur beliebter Treffpunkt f\u00fcr Freunde echt badischer Gem\u00fctlichkeit, sondern im \u201eGoldenen Anker\u201c l\u00e4sst es sich auch vorz\u00fcglich speisen. Auf der Karte stehen neben den gutb\u00fcrgerlichen Gerichten immer wieder \u00fcberraschende K\u00f6stlichkeiten. Die Mahlzeiten sind lecker und \u00fcppig, denn Herr Schneider legt als Gastwirt gro\u00dfen Wert darauf, dass seine G\u00e4ste auch wirklich satt werden. Bei sch\u00f6nem Wetter k\u00f6nnen Sie behaglich im lauschigen Garten unter den schattigen Kastanien sitzen.<\/strong><\/p>\n<\/div><\/div><div class=\"et_pb_module et_pb_button_module_wrapper et_pb_button_0_wrapper preset--module--divi-button--a93bd5f4-85ca-4af8-aab9-5954042d5969_wrapper\"><a class=\"et_pb_button_0 et_pb_button et_pb_bg_layout_light et_pb_module et_block_module preset--module--divi-button--a93bd5f4-85ca-4af8-aab9-5954042d5969\" href=\"https:\/\/www.goldener-anker-freiburg.de\/gasthaus\/schatzkarte\/\">Schatzkarte ansehen<\/a><\/div><\/div><div class=\"et_pb_column_1 et_pb_column et_pb_column_1_2 et-last-child et_block_column et_pb_css_mix_blend_mode_passthrough\"><div class=\"et_pb_image_0 et_pb_image et_pb_module et_block_module\"><span class=\"et_pb_image_wrap\"><img loading=\"lazy\" decoding=\"async\" src=\"https:\/\/www.goldener-anker-freiburg.de\/gasthaus\/wp-content\/uploads\/2023\/02\/anker-innen-1-IMG_5789-768x1024-1.jpg\" width=\"768\" height=\"1024\" srcset=\"https:\/\/www.goldener-anker-freiburg.de\/gasthaus\/wp-content\/uploads\/2023\/02\/anker-innen-1-IMG_5789-768x1024-1.jpg 768w, https:\/\/www.goldener-anker-freiburg.de\/gasthaus\/wp-content\/uploads\/2023\/02\/anker-innen-1-IMG_5789-768x1024-1-480x640.jpg 480w\" sizes=\"(min-width: 0px) and (max-width: 480px) 480px, (min-width: 481px) 768px, 100vw\" class=\"wp-image-118\" title=\"anker\" \/><\/span><\/div><\/div><\/div><\/div><div class=\"et_pb_section_2 et_pb_section et_section_regular et_block_section\"><div class=\"et_pb_row_1 et_pb_row et_block_row\"><div class=\"et_pb_column_2 et_pb_column et_pb_column_4_4 et-last-child et_block_column et_pb_css_mix_blend_mode_passthrough\"><div class=\"et_pb_text_1 et_pb_text et_pb_bg_layout_light et_pb_module et_block_module\"><div class=\"et_pb_text_inner\"><h2 class=\"et_pb_module_header\"><strong>Volkerverst\u00e4ndigung<\/strong><\/h2>\n<div class=\"et_pb_blurb_description\">\n<p><em><\/em><\/p>\n<p><em>\u201eDer Goldene Anker ist ein Ort, der meine Sehnsucht stillt \u2013 nach jeder Dorfkneipe, in der jeder jeden kennt, selbst, wenn sie sich zuvor noch nie begegnet sind.<\/em><br \/><em>Der Goldene Anker ist ein Ort, wo Professor auf den Klempner trifft, der Pfarrer neben dem Schlawiner sitzt, und die Veganerin den Innereien-Gourmet toleriert.<\/em><br \/><em>Der Goldene Anker ist ein Ort, der keine Musik braucht. Hier rockt das Gespr\u00e4ch.<\/em><br \/><em>Und er ist ein Jungbrunnen, der Anker, der Goldene, wo gestandene Mannsbilder pl\u00f6tzlich wieder Kinderteller bestellen \u2013 aus Ehrfurcht vor den Portionen.<\/em><br \/><em>Zu guter Letzt ist der Goldene Anker ein Ort der Verehrung: F\u00fcr die einen ist er der Schnitzel-Gott, f\u00fcr die anderen der Br\u00e4gele-Buddha. Er h\u00f6rt aber auch auf den Namen Volker.\u201c<\/em><\/p>\n<p>Florian Koch (Gast und Journalist)<\/p>\n<\/div>\n<\/div><\/div><\/div><\/div><div class=\"et_pb_row_2 et_pb_row et_block_row\"><div class=\"et_pb_column_3 et_pb_column et_pb_column_4_4 et-last-child et_block_column et_pb_css_mix_blend_mode_passthrough\"><div class=\"et_pb_video_0 et_pb_video et_pb_module et_block_module\"><div class=\"et_pb_video_box\"><video controls><source type=\"video\/mp4\" src=\"https:\/\/www.goldener-anker-freiburg.de\/gasthaus\/wp-content\/uploads\/2023\/02\/anker-video-1.mp4\" \/><\/video><\/div><div class=\"et_pb_video_overlay\" style=\"background-image:url(https:\/\/www.goldener-anker-freiburg.de\/gasthaus\/wp-content\/uploads\/2023\/02\/ankerlogo.png)\"><div class=\"et_pb_video_overlay_hover\"><a class=\"et_pb_video_play\" href=\"#\"><\/a><\/div><\/div><\/div><\/div><\/div><\/div>\n","protected":false},"excerpt":{"rendered":"","protected":false},"author":1,"featured_media":0,"parent":0,"menu_order":0,"comment_status":"closed","ping_status":"closed","template":"","meta":{"footnotes":""},"class_list":["post-206","page","type-page","status-publish","hentry"],"dsm_author":{"name":"mso","avatar_url":"https:\/\/secure.gravatar.com\/avatar\/3c75b37d5a24a252f08d33e2537d78cc7ff3a8d93641efa608dc484c39a01480?s=96&d=mm&r=g","archive_link":"https:\/\/www.goldener-anker-freiburg.de\/gasthaus\/author\/mso-adm\/","biodata":""},"dsm_categories":[],"dsm_attachment_categories":[],"dsm_featured_image":null,"yoast_head":"<!-- This site is optimized with the Yoast SEO plugin v27.5 - https:\/\/yoast.com\/product\/yoast-seo-wordpress\/ -->\n<title>Goldener Anker Freiburg - DAS GASTHAUS -<\/title>\n<meta name=\"robots\" content=\"index, follow, max-snippet:-1, max-image-preview:large, max-video-preview:-1\" \/>\n<link rel=\"canonical\" href=\"https:\/\/www.goldener-anker-freiburg.de\/gasthaus\/das-gasthaus\/\" \/>\n<meta property=\"og:locale\" content=\"de_DE\" \/>\n<meta property=\"og:type\" content=\"article\" \/>\n<meta property=\"og:title\" content=\"Goldener Anker Freiburg - DAS GASTHAUS -\" \/>\n<meta property=\"og:url\" content=\"https:\/\/www.goldener-anker-freiburg.de\/gasthaus\/das-gasthaus\/\" \/>\n<meta property=\"og:site_name\" content=\"Goldener Anker Freiburg\" \/>\n<meta property=\"article:publisher\" content=\"https:\/\/www.facebook.com\/goldeneranker\" \/>\n<meta property=\"article:modified_time\" content=\"2026-03-07T11:16:30+00:00\" \/>\n<meta name=\"twitter:card\" content=\"summary_large_image\" \/>\n<meta name=\"twitter:label1\" content=\"Gesch\u00e4tzte Lesezeit\" \/>\n\t<meta name=\"twitter:data1\" content=\"3\u00a0Minuten\" \/>\n<script type=\"application\/ld+json\" class=\"yoast-schema-graph\">{\"@context\":\"https:\\\/\\\/schema.org\",\"@graph\":[{\"@type\":\"WebPage\",\"@id\":\"https:\\\/\\\/www.goldener-anker-freiburg.de\\\/gasthaus\\\/das-gasthaus\\\/\",\"url\":\"https:\\\/\\\/www.goldener-anker-freiburg.de\\\/gasthaus\\\/das-gasthaus\\\/\",\"name\":\"Goldener Anker Freiburg - DAS GASTHAUS -\",\"isPartOf\":{\"@id\":\"https:\\\/\\\/www.goldener-anker-freiburg.de\\\/gasthaus\\\/#website\"},\"datePublished\":\"2023-02-16T21:15:47+00:00\",\"dateModified\":\"2026-03-07T11:16:30+00:00\",\"breadcrumb\":{\"@id\":\"https:\\\/\\\/www.goldener-anker-freiburg.de\\\/gasthaus\\\/das-gasthaus\\\/#breadcrumb\"},\"inLanguage\":\"de\",\"potentialAction\":[{\"@type\":\"ReadAction\",\"target\":[\"https:\\\/\\\/www.goldener-anker-freiburg.de\\\/gasthaus\\\/das-gasthaus\\\/\"]}]},{\"@type\":\"BreadcrumbList\",\"@id\":\"https:\\\/\\\/www.goldener-anker-freiburg.de\\\/gasthaus\\\/das-gasthaus\\\/#breadcrumb\",\"itemListElement\":[{\"@type\":\"ListItem\",\"position\":1,\"name\":\"Startseite\",\"item\":\"https:\\\/\\\/www.goldener-anker-freiburg.de\\\/gasthaus\\\/\"},{\"@type\":\"ListItem\",\"position\":2,\"name\":\"DAS GASTHAUS\"}]},{\"@type\":\"WebSite\",\"@id\":\"https:\\\/\\\/www.goldener-anker-freiburg.de\\\/gasthaus\\\/#website\",\"url\":\"https:\\\/\\\/www.goldener-anker-freiburg.de\\\/gasthaus\\\/\",\"name\":\"Goldener Anker Freiburg\",\"description\":\"Die Volkerverst\u00e4ndigung\",\"publisher\":{\"@id\":\"https:\\\/\\\/www.goldener-anker-freiburg.de\\\/gasthaus\\\/#organization\"},\"potentialAction\":[{\"@type\":\"SearchAction\",\"target\":{\"@type\":\"EntryPoint\",\"urlTemplate\":\"https:\\\/\\\/www.goldener-anker-freiburg.de\\\/gasthaus\\\/?s={search_term_string}\"},\"query-input\":{\"@type\":\"PropertyValueSpecification\",\"valueRequired\":true,\"valueName\":\"search_term_string\"}}],\"inLanguage\":\"de\"},{\"@type\":\"Organization\",\"@id\":\"https:\\\/\\\/www.goldener-anker-freiburg.de\\\/gasthaus\\\/#organization\",\"name\":\"Goldener Anker Freiburg\",\"url\":\"https:\\\/\\\/www.goldener-anker-freiburg.de\\\/gasthaus\\\/\",\"logo\":{\"@type\":\"ImageObject\",\"inLanguage\":\"de\",\"@id\":\"https:\\\/\\\/www.goldener-anker-freiburg.de\\\/gasthaus\\\/#\\\/schema\\\/logo\\\/image\\\/\",\"url\":\"https:\\\/\\\/www.goldener-anker-freiburg.de\\\/gasthaus\\\/wp-content\\\/uploads\\\/2023\\\/11\\\/anker-maps-pointer-pic-2.png\",\"contentUrl\":\"https:\\\/\\\/www.goldener-anker-freiburg.de\\\/gasthaus\\\/wp-content\\\/uploads\\\/2023\\\/11\\\/anker-maps-pointer-pic-2.png\",\"width\":210,\"height\":210,\"caption\":\"Goldener Anker Freiburg\"},\"image\":{\"@id\":\"https:\\\/\\\/www.goldener-anker-freiburg.de\\\/gasthaus\\\/#\\\/schema\\\/logo\\\/image\\\/\"},\"sameAs\":[\"https:\\\/\\\/www.facebook.com\\\/goldeneranker\",\"https:\\\/\\\/www.instagram.com\\\/goldenerankerfreiburg\\\/\"]}]}<\/script>\n<!-- \/ Yoast SEO plugin. -->","yoast_head_json":{"title":"Goldener Anker Freiburg - DAS GASTHAUS -","robots":{"index":"index","follow":"follow","max-snippet":"max-snippet:-1","max-image-preview":"max-image-preview:large","max-video-preview":"max-video-preview:-1"},"canonical":"https:\/\/www.goldener-anker-freiburg.de\/gasthaus\/das-gasthaus\/","og_locale":"de_DE","og_type":"article","og_title":"Goldener Anker Freiburg - DAS GASTHAUS -","og_url":"https:\/\/www.goldener-anker-freiburg.de\/gasthaus\/das-gasthaus\/","og_site_name":"Goldener Anker Freiburg","article_publisher":"https:\/\/www.facebook.com\/goldeneranker","article_modified_time":"2026-03-07T11:16:30+00:00","twitter_card":"summary_large_image","twitter_misc":{"Gesch\u00e4tzte Lesezeit":"3\u00a0Minuten"},"schema":{"@context":"https:\/\/schema.org","@graph":[{"@type":"WebPage","@id":"https:\/\/www.goldener-anker-freiburg.de\/gasthaus\/das-gasthaus\/","url":"https:\/\/www.goldener-anker-freiburg.de\/gasthaus\/das-gasthaus\/","name":"Goldener Anker Freiburg - DAS GASTHAUS -","isPartOf":{"@id":"https:\/\/www.goldener-anker-freiburg.de\/gasthaus\/#website"},"datePublished":"2023-02-16T21:15:47+00:00","dateModified":"2026-03-07T11:16:30+00:00","breadcrumb":{"@id":"https:\/\/www.goldener-anker-freiburg.de\/gasthaus\/das-gasthaus\/#breadcrumb"},"inLanguage":"de","potentialAction":[{"@type":"ReadAction","target":["https:\/\/www.goldener-anker-freiburg.de\/gasthaus\/das-gasthaus\/"]}]},{"@type":"BreadcrumbList","@id":"https:\/\/www.goldener-anker-freiburg.de\/gasthaus\/das-gasthaus\/#breadcrumb","itemListElement":[{"@type":"ListItem","position":1,"name":"Startseite","item":"https:\/\/www.goldener-anker-freiburg.de\/gasthaus\/"},{"@type":"ListItem","position":2,"name":"DAS GASTHAUS"}]},{"@type":"WebSite","@id":"https:\/\/www.goldener-anker-freiburg.de\/gasthaus\/#website","url":"https:\/\/www.goldener-anker-freiburg.de\/gasthaus\/","name":"Goldener Anker Freiburg","description":"Die Volkerverst\u00e4ndigung","publisher":{"@id":"https:\/\/www.goldener-anker-freiburg.de\/gasthaus\/#organization"},"potentialAction":[{"@type":"SearchAction","target":{"@type":"EntryPoint","urlTemplate":"https:\/\/www.goldener-anker-freiburg.de\/gasthaus\/?s={search_term_string}"},"query-input":{"@type":"PropertyValueSpecification","valueRequired":true,"valueName":"search_term_string"}}],"inLanguage":"de"},{"@type":"Organization","@id":"https:\/\/www.goldener-anker-freiburg.de\/gasthaus\/#organization","name":"Goldener Anker Freiburg","url":"https:\/\/www.goldener-anker-freiburg.de\/gasthaus\/","logo":{"@type":"ImageObject","inLanguage":"de","@id":"https:\/\/www.goldener-anker-freiburg.de\/gasthaus\/#\/schema\/logo\/image\/","url":"https:\/\/www.goldener-anker-freiburg.de\/gasthaus\/wp-content\/uploads\/2023\/11\/anker-maps-pointer-pic-2.png","contentUrl":"https:\/\/www.goldener-anker-freiburg.de\/gasthaus\/wp-content\/uploads\/2023\/11\/anker-maps-pointer-pic-2.png","width":210,"height":210,"caption":"Goldener Anker Freiburg"},"image":{"@id":"https:\/\/www.goldener-anker-freiburg.de\/gasthaus\/#\/schema\/logo\/image\/"},"sameAs":["https:\/\/www.facebook.com\/goldeneranker","https:\/\/www.instagram.com\/goldenerankerfreiburg\/"]}]}},"_links":{"self":[{"href":"https:\/\/www.goldener-anker-freiburg.de\/gasthaus\/wp-json\/wp\/v2\/pages\/206","targetHints":{"allow":["GET"]}}],"collection":[{"href":"https:\/\/www.goldener-anker-freiburg.de\/gasthaus\/wp-json\/wp\/v2\/pages"}],"about":[{"href":"https:\/\/www.goldener-anker-freiburg.de\/gasthaus\/wp-json\/wp\/v2\/types\/page"}],"author":[{"embeddable":true,"href":"https:\/\/www.goldener-anker-freiburg.de\/gasthaus\/wp-json\/wp\/v2\/users\/1"}],"replies":[{"embeddable":true,"href":"https:\/\/www.goldener-anker-freiburg.de\/gasthaus\/wp-json\/wp\/v2\/comments?post=206"}],"version-history":[{"count":33,"href":"https:\/\/www.goldener-anker-freiburg.de\/gasthaus\/wp-json\/wp\/v2\/pages\/206\/revisions"}],"predecessor-version":[{"id":243096,"href":"https:\/\/www.goldener-anker-freiburg.de\/gasthaus\/wp-json\/wp\/v2\/pages\/206\/revisions\/243096"}],"wp:attachment":[{"href":"https:\/\/www.goldener-anker-freiburg.de\/gasthaus\/wp-json\/wp\/v2\/media?parent=206"}],"curies":[{"name":"wp","href":"https:\/\/api.w.org\/{rel}","templated":true}]}}